{"id":31,"date":"2025-07-03T19:42:48","date_gmt":"2025-07-03T19:42:48","guid":{"rendered":"https:\/\/innovasocial.info\/?page_id=31"},"modified":"2026-03-12T11:58:33","modified_gmt":"2026-03-12T10:58:33","slug":"actualidad-y-recursos","status":"publish","type":"page","link":"https:\/\/innovasocial.info\/pt\/actualidad-y-recursos\/","title":{"rendered":"Not\u00edcias e Recursos"},"content":{"rendered":"<div class=\"wp-block-group alignfull has-global-padding is-layout-constrained wp-block-group-is-layout-constrained\" style=\"margin-top:0;margin-bottom:0\">\n<div class=\"wp-block-cloudcatch-tabs wp-block-cloudcatch-tabs__wrapper wp-block-cloudcatch-tabs-v2\"><div class=\"wp-block-cloudcatch-tabs__container wp-block-cloudcatch-tabs-is-layout-flex is-layout-flex\" style=\"grid-template-columns:repeat(3, auto) auto\" role=\"tablist\">\n<div role=\"tab\" tabindex=\"0\" tabid=\"0\" class=\"wp-block-cloudcatch-tab has-accent-2-background-color has-background has-large-font-size\" style=\"border-radius:100px;padding-top:var(--wp--preset--spacing--20);padding-right:var(--wp--preset--spacing--40);padding-bottom:var(--wp--preset--spacing--20);padding-left:var(--wp--preset--spacing--40)\"><label class=\"wp-block-cloudcatch-tab__label\">Agenda<\/label><\/div><div tabid=\"0\" class=\"wp-block-cloudcatch-tab-content\">\n<div class=\"wp-block-group has-global-padding is-layout-constrained wp-block-group-is-layout-constrained\" style=\"padding-top:var(--wp--preset--spacing--50);padding-bottom:var(--wp--preset--spacing--50)\">\n<h2 class=\"wp-block-heading\">Pr\u00f3ximos eventos<\/h2>\n\n\n<div class=\"wp-block-group is-layout-grid wp-block-group-is-layout-grid custom-grid-recurso\"><p>N\u00e3o h\u00e1 nenhum evento programado para breve.<\/p>\n<\/div><\/div>\n\n\n\n<div class=\"wp-block-group has-global-padding is-layout-constrained wp-block-group-is-layout-constrained\" style=\"padding-top:var(--wp--preset--spacing--50);padding-bottom:var(--wp--preset--spacing--50)\">\n<h2 class=\"wp-block-heading\">Eventos anteriores<\/h2>\n\n\n<div class=\"wp-block-group is-layout-grid wp-block-group-is-layout-grid custom-grid-recurso\"><div class=\"wp-block-group has-global-padding is-layout-constrained wp-block-group-is-layout-constrained\">\r\n\t<h2>Programa de Capacita\u00e7\u00e3o INNOVASOCIAL arranca no Alentejo<\/h2>\r\n\t<small>12\/01\/2026 &#8211; <\/small>\r\n\t<p>Local: <b>Beja, Portugal<\/b><\/p>\r\n\t<p><p>O Programa de capacita\u00e7\u00e3o INNOVASOCIAL foi oficialmente lan\u00e7ado no Alentejo, no passado dia 12 de janeiro, durante o evento \u201cOficina de Inova\u00e7\u00e3o para a Economia Social\u201d, acolhido pela IISBA \u2013 Incubadora de Inova\u00e7\u00e3o Social do Baixo Alentejo, em colabora\u00e7\u00e3o com o NERE.<br \/>\nNeste encontro, a Make it Better apresentou o programa e o percurso formativo desenvolvido no \u00e2mbito do INNOVASOCIAL, destacando os seus objetivos, metodologia e oportunidades para as organiza\u00e7\u00f5es da economia social da regi\u00e3o.<br \/>\nO evento, que reuniu mais de 30 participantes provenientes de diversas entidades da economia social, integrou ainda um workshop de explora\u00e7\u00e3o de sinergias. Este momento colaborativo permitiu identificar interesses comuns e lan\u00e7ar os primeiros passos para a cria\u00e7\u00e3o de uma rede local de atores, promovendo din\u00e2micas de coopera\u00e7\u00e3o futura.<br \/>\nA jornada terminou com uma visita de campo ao Monte Milhano, uma iniciativa que alia pr\u00e1ticas de agricultura sustent\u00e1vel a um forte compromisso social. Para al\u00e9m da produ\u00e7\u00e3o agroecol\u00f3gica, o Monte Milhano desenvolve a\u00e7\u00f5es de inclus\u00e3o e capacita\u00e7\u00e3o comunit\u00e1ria, promovendo o envolvimento de pessoas em situa\u00e7\u00e3o de vulnerabilidade e criando oportunidades de aprendizagem e participa\u00e7\u00e3o ativa. Durante a visita, os participantes puderam conhecer de perto estes projetos, o seu impacto social e ambiental e a estrat\u00e9gia de expans\u00e3o desta iniciativa transformadora.<\/p>\n<\/p>\r\n\t<div class=\"wp-block-buttons is-content-justification-right is-layout-flex wp-block-buttons-is-layout-flex\">\r\n\t\t<div class=\"wp-block-button\">\r\n\t\t\t<a class=\"wp-block-button__link wp-element-button\" href=\"\" target=\"_blank\"><b>Inscri\u00e7\u00e3o<\/b><\/a>\r\n\t\t<\/div>\r\n\t<\/div>\r\n<\/div><div class=\"wp-block-group has-global-padding is-layout-constrained wp-block-group-is-layout-constrained\">\r\n\t<h2>Apresenta\u00e7\u00e3o do Servi\u00e7o 3: Empreendedorismo Coletivo<\/h2>\r\n\t<small>03\/12\/2025 &#8211; 11:00<\/small>\r\n\t<p>Local: <b>Online<\/b><\/p>\r\n\t<p><p>Descubra o Servi\u00e7o 3 de Empreendedorismo Coletivo do projeto INNOVASOCIAL AAA, uma iniciativa que promove a inova\u00e7\u00e3o social, o desenvolvimento comunit\u00e1rio e a cria\u00e7\u00e3o de projetos colaborativos a partir da Economia Social.<\/p>\n<p>O evento contar\u00e1 com a presen\u00e7a de Francesco Garcea, respons\u00e1vel pela \u00c1rea de Projetos e Forma\u00e7\u00e3o da Escola de Economia Social, que apresentar\u00e1 o servi\u00e7o e o Curso Online de Empreendedorismo Coletivo, e com Eladia Pino, formadora especializada em trabalho colaborativo e desenvolvimento organizacional, que oferecer\u00e1 a palestra \u00abDesmistificando o empreendedorismo: 9 falsos mitos sobre o empreendedorismo coletivo\u00bb.<\/p>\n<p>Uma sess\u00e3o breve e formativa para conhecer como a INNOVASOCIAL AAA impulsiona novas formas de empreender em comunidade, gerar impacto e ativar o talento coletivo. N\u00e3o perca!<\/p>\n<\/p>\r\n\t<div class=\"wp-block-buttons is-content-justification-right is-layout-flex wp-block-buttons-is-layout-flex\">\r\n\t\t<div class=\"wp-block-button\">\r\n\t\t\t<a class=\"wp-block-button__link wp-element-button\" href=\"https:\/\/forms.gle\/nktx22RRt1C1R2168\" target=\"_blank\"><b>Inscri\u00e7\u00e3o<\/b><\/a>\r\n\t\t<\/div>\r\n\t<\/div>\r\n<\/div><div class=\"wp-block-group has-global-padding is-layout-constrained wp-block-group-is-layout-constrained\">\r\n\t<h2>Apresenta\u00e7\u00e3o do Servi\u00e7o 1: Trabalho em Rede e Economia Social na Andaluzia do projeto INNOVASOCIAL AAA<\/h2>\r\n\t<small>11\/10\/2025 &#8211; 12:00<\/small>\r\n\t<p>Local: <b>Online<\/b><\/p>\r\n\t<p><p>O evento de apresenta\u00e7\u00e3o do Servi\u00e7o 1: Trabalho em Rede e Economia Social do projeto INNOVASOCIAL AAA re\u00fane profissionais e entidades comprometidas com a inova\u00e7\u00e3o social, a colabora\u00e7\u00e3o interorganizacional e o desenvolvimento sustent\u00e1vel. Contar\u00e1 com a palestra de \u00c1lvaro Trujillo, especialista em trabalho colaborativo e economia social, que abordar\u00e1 a import\u00e2ncia do trabalho em rede como compet\u00eancia fundamental para fortalecer as organiza\u00e7\u00f5es do terceiro setor. Al\u00e9m disso, ser\u00e1 apresentado o curso online \u00abTrabalho em Rede e Economia Social\u00bb, concebido para promover a forma\u00e7\u00e3o em coopera\u00e7\u00e3o, participa\u00e7\u00e3o e gest\u00e3o colaborativa.<\/p>\n<\/p>\r\n\t<div class=\"wp-block-buttons is-content-justification-right is-layout-flex wp-block-buttons-is-layout-flex\">\r\n\t\t<div class=\"wp-block-button\">\r\n\t\t\t<a class=\"wp-block-button__link wp-element-button\" href=\"\" target=\"_blank\"><b>Inscri\u00e7\u00e3o<\/b><\/a>\r\n\t\t<\/div>\r\n\t<\/div>\r\n<\/div><div class=\"wp-block-group has-global-padding is-layout-constrained wp-block-group-is-layout-constrained\">\r\n\t<h2>Jornada Apresenta\u00e7\u00e3o do Projeto INNOVASOCIAL AAA na Andaluzia<\/h2>\r\n\t<small>11\/10\/2025 &#8211; 11:00<\/small>\r\n\t<p>Local: <b>Online<\/b><\/p>\r\n\t<p><p>No pr\u00f3ximo dia 10 de novembro de 2025, \u00e0s 11h00 (hora da Espanha), ser\u00e1 realizada online a Jornada de Apresenta\u00e7\u00e3o na Andaluzia do projeto INNOVASOCIAL AAA, uma iniciativa cofinanciada pela Uni\u00e3o Europeia atrav\u00e9s do Programa Interreg VI-A Espanha-Portugal (POCTEP) 2021-2027.<\/p>\n<p>O projeto tem como objetivo promover a economia social nas zonas rurais da Eurorregi\u00e3o, especialmente entre jovens e mulheres, atrav\u00e9s de um sistema transnacional de servi\u00e7os e a\u00e7\u00f5es-piloto que promovem a inova\u00e7\u00e3o e a sustentabilidade das entidades da economia social.<\/p>\n<p>Durante a jornada, ser\u00e3o apresentados os servi\u00e7os transnacionais, as a\u00e7\u00f5es de apoio ao empreendedorismo coletivo, o aconselhamento financeiro e a plataforma colaborativa digital, al\u00e9m de oferecer um espa\u00e7o para networking e participa\u00e7\u00e3o.<\/p>\n<\/p>\r\n\t<div class=\"wp-block-buttons is-content-justification-right is-layout-flex wp-block-buttons-is-layout-flex\">\r\n\t\t<div class=\"wp-block-button\">\r\n\t\t\t<a class=\"wp-block-button__link wp-element-button\" href=\"https:\/\/forms.gle\/681mZinmG9NTV4Rg6\" target=\"_blank\"><b>Inscri\u00e7\u00e3o<\/b><\/a>\r\n\t\t<\/div>\r\n\t<\/div>\r\n<\/div><\/div><\/div>\n<\/div>\n\n\n\n<div role=\"tab\" tabindex=\"0\" tabid=\"1\" class=\"wp-block-cloudcatch-tab has-accent-2-background-color has-background has-large-font-size\" style=\"border-radius:100px;padding-top:var(--wp--preset--spacing--20);padding-right:var(--wp--preset--spacing--40);padding-bottom:var(--wp--preset--spacing--20);padding-left:var(--wp--preset--spacing--40)\"><label class=\"wp-block-cloudcatch-tab__label\">Not\u00edcias<\/label><\/div><div tabid=\"1\" class=\"wp-block-cloudcatch-tab-content\">\n<div class=\"wp-block-group has-global-padding is-layout-constrained wp-block-group-is-layout-constrained\" style=\"padding-top:var(--wp--preset--spacing--50);padding-bottom:var(--wp--preset--spacing--50)\"><div class=\"wp-block-group is-layout-grid wp-block-group-is-layout-grid custom-grid-recurso\"><div class=\"wp-block-group has-global-padding is-layout-constrained wp-block-group-is-layout-constrained\">\r\n\t<h3>Programa de Capacita\u00e7\u00e3o INNOVASOCIAL arranca no Alentejo<\/h3>\r\n\t<small>12\/01\/2026<\/small>\r\n\t<div class=\"wp-block-buttons is-content-justification-right is-layout-flex wp-block-buttons-is-layout-flex\">\r\n\t\t<div class=\"wp-block-button\"><a class=\"wp-block-button__link wp-element-button\" href=\"https:\/\/www.facebook.com\/ong.makeitBetter\/posts\/a-inova%C3%A7%C3%A3o-social-constr%C3%B3i-se-com-pessoas-colabora%C3%A7%C3%A3o-e-a%C3%A7%C3%A3o-no-territ%C3%B3riono-dia\/1279181517575845\/\" target=\"_blank\"><b>Ver not\u00edcia<\/b><\/a><\/div>\r\n\t<\/div>\r\n<\/div><\/div><\/div>\n<\/div>\n\n\n\n<div role=\"tab\" tabindex=\"0\" tabid=\"2\" class=\"wp-block-cloudcatch-tab has-accent-2-background-color has-background has-large-font-size\" style=\"border-radius:100px;padding-top:var(--wp--preset--spacing--20);padding-right:var(--wp--preset--spacing--40);padding-bottom:var(--wp--preset--spacing--20);padding-left:var(--wp--preset--spacing--40)\"><label class=\"wp-block-cloudcatch-tab__label\">Recursos<\/label><\/div><div tabid=\"2\" class=\"wp-block-cloudcatch-tab-content\">\n<div class=\"wp-block-group has-global-padding is-layout-constrained wp-block-group-is-layout-constrained\" style=\"padding-top:var(--wp--preset--spacing--50);padding-bottom:var(--wp--preset--spacing--50)\"><div class=\"wp-block-group is-layout-grid wp-block-group-is-layout-grid custom-grid-recurso\"><div class=\"wp-block-group has-global-padding is-layout-constrained wp-block-group-is-layout-constrained\">\r\n\t<h2>ECONOMIA SOCIAL E TRABALHO EM REDE<\/h2>\r\n\t<div class=\"wp-block-buttons is-content-justification-right is-layout-flex wp-block-buttons-is-layout-flex\">\r\n\t\t<div class=\"wp-block-button\"><a class=\"wp-block-button__link wp-element-button\" href=\" https:\/\/innovasocial.info\/wp-content\/uploads\/2026\/02\/INNOVASOCIAL_CURSO1_Economia-Social-e-Trabalho-em-Rede.pdf \" target=\"_blank\"><b>Aceder ao recurso<\/b><\/a><\/div>\r\n\t<\/div>\r\n<\/div><\/div><\/div>\n<\/div>\n<\/div><\/div>\n<\/div>\n\n\n\n<div class=\"wp-block-group has-global-padding is-layout-constrained wp-block-group-is-layout-constrained\">\n<div class=\"wp-block-group is-layout-grid wp-container-core-group-is-layout-379e5234 wp-block-group-is-layout-grid\">\n<div class=\"wp-block-group has-global-padding is-layout-constrained wp-block-group-is-layout-constrained\">\n<div class=\"wp-block-buttons is-layout-flex wp-block-buttons-is-layout-flex\">\n<div class=\"wp-block-button hide\"><a class=\"wp-block-button__link wp-element-button\">Inscri\u00e7\u00e3o<\/a><\/div>\n<\/div>\n<\/div>\n<\/div>\n<\/div>","protected":false},"excerpt":{"rendered":"","protected":false},"author":1,"featured_media":0,"parent":0,"menu_order":0,"comment_status":"closed","ping_status":"closed","template":"","meta":{"footnotes":""},"class_list":["post-31","page","type-page","status-publish","hentry"],"yoast_head":"<!-- This site is optimized with the Yoast SEO plugin v27.5 - https:\/\/yoast.com\/product\/yoast-seo-wordpress\/ -->\n<title>Actualidad y recursos - INNOVASOCIAL - Fomento de la innovaci\u00f3n en Econom\u00eda Social en el medio rural de la Eurorregi\u00f3n AAA<\/title>\n<meta name=\"robots\" content=\"index, follow, max-snippet:-1, max-image-preview:large, max-video-preview:-1\" \/>\n<link rel=\"canonical\" href=\"https:\/\/innovasocial.info\/pt\/actualidad-y-recursos\/\" \/>\n<meta property=\"og:locale\" content=\"pt_PT\" \/>\n<meta property=\"og:type\" content=\"article\" \/>\n<meta property=\"og:title\" content=\"Actualidad y recursos - INNOVASOCIAL - Fomento de la innovaci\u00f3n en Econom\u00eda Social en el medio rural de la Eurorregi\u00f3n AAA\" \/>\n<meta property=\"og:url\" content=\"https:\/\/innovasocial.info\/pt\/actualidad-y-recursos\/\" \/>\n<meta property=\"og:site_name\" content=\"INNOVASOCIAL - Fomento de la innovaci\u00f3n en Econom\u00eda Social en el medio rural de la Eurorregi\u00f3n AAA\" \/>\n<meta property=\"article:modified_time\" content=\"2026-03-12T10:58:33+00:00\" \/>\n<meta property=\"og:image\" content=\"https:\/\/innovasocial.info\/wp-content\/uploads\/2025\/09\/innovasocial-portada.png\" \/>\n\t<meta property=\"og:image:width\" content=\"2154\" \/>\n\t<meta property=\"og:image:height\" content=\"1212\" \/>\n\t<meta property=\"og:image:type\" content=\"image\/png\" \/>\n<meta name=\"twitter:card\" content=\"summary_large_image\" \/>\n<script type=\"application\/ld+json\" class=\"yoast-schema-graph\">{\"@context\":\"https:\\\/\\\/schema.org\",\"@graph\":[{\"@type\":\"WebPage\",\"@id\":\"https:\\\/\\\/innovasocial.info\\\/actualidad-y-recursos\\\/\",\"url\":\"https:\\\/\\\/innovasocial.info\\\/actualidad-y-recursos\\\/\",\"name\":\"Actualidad y recursos - INNOVASOCIAL - Fomento de la innovaci\u00f3n en Econom\u00eda Social en el medio rural de la Eurorregi\u00f3n AAA\",\"isPartOf\":{\"@id\":\"https:\\\/\\\/innovasocial.info\\\/#website\"},\"datePublished\":\"2025-07-03T19:42:48+00:00\",\"dateModified\":\"2026-03-12T10:58:33+00:00\",\"breadcrumb\":{\"@id\":\"https:\\\/\\\/innovasocial.info\\\/actualidad-y-recursos\\\/#breadcrumb\"},\"inLanguage\":\"pt-PT\",\"potentialAction\":[{\"@type\":\"ReadAction\",\"target\":[\"https:\\\/\\\/innovasocial.info\\\/actualidad-y-recursos\\\/\"]}]},{\"@type\":\"BreadcrumbList\",\"@id\":\"https:\\\/\\\/innovasocial.info\\\/actualidad-y-recursos\\\/#breadcrumb\",\"itemListElement\":[{\"@type\":\"ListItem\",\"position\":1,\"name\":\"Portada\",\"item\":\"https:\\\/\\\/innovasocial.info\\\/\"},{\"@type\":\"ListItem\",\"position\":2,\"name\":\"Actualidad y recursos\"}]},{\"@type\":\"WebSite\",\"@id\":\"https:\\\/\\\/innovasocial.info\\\/#website\",\"url\":\"https:\\\/\\\/innovasocial.info\\\/\",\"name\":\"INNOVASOCIAL\",\"description\":\"Hacia un desarrollo socioecon\u00f3mico justo, inclusivo y sostenible en Alentejo, Algarve y Andaluc\u00eda\",\"publisher\":{\"@id\":\"https:\\\/\\\/innovasocial.info\\\/#organization\"},\"potentialAction\":[{\"@type\":\"SearchAction\",\"target\":{\"@type\":\"EntryPoint\",\"urlTemplate\":\"https:\\\/\\\/innovasocial.info\\\/?s={search_term_string}\"},\"query-input\":{\"@type\":\"PropertyValueSpecification\",\"valueRequired\":true,\"valueName\":\"search_term_string\"}}],\"inLanguage\":\"pt-PT\"},{\"@type\":\"Organization\",\"@id\":\"https:\\\/\\\/innovasocial.info\\\/#organization\",\"name\":\"INNOVASOCIAL\",\"url\":\"https:\\\/\\\/innovasocial.info\\\/\",\"logo\":{\"@type\":\"ImageObject\",\"inLanguage\":\"pt-PT\",\"@id\":\"https:\\\/\\\/innovasocial.info\\\/#\\\/schema\\\/logo\\\/image\\\/\",\"url\":\"https:\\\/\\\/innovasocial.info\\\/wp-content\\\/uploads\\\/2025\\\/07\\\/INNOVASOCIAL_LOGO_CONJUNTO_nomargin-scaled.png\",\"contentUrl\":\"https:\\\/\\\/innovasocial.info\\\/wp-content\\\/uploads\\\/2025\\\/07\\\/INNOVASOCIAL_LOGO_CONJUNTO_nomargin-scaled.png\",\"width\":2560,\"height\":428,\"caption\":\"INNOVASOCIAL\"},\"image\":{\"@id\":\"https:\\\/\\\/innovasocial.info\\\/#\\\/schema\\\/logo\\\/image\\\/\"}}]}<\/script>\n<!-- \/ Yoast SEO plugin. -->","yoast_head_json":{"title":"Actualidad y recursos - INNOVASOCIAL - Fomento de la innovaci\u00f3n en Econom\u00eda Social en el medio rural de la Eurorregi\u00f3n AAA","robots":{"index":"index","follow":"follow","max-snippet":"max-snippet:-1","max-image-preview":"max-image-preview:large","max-video-preview":"max-video-preview:-1"},"canonical":"https:\/\/innovasocial.info\/pt\/actualidad-y-recursos\/","og_locale":"pt_PT","og_type":"article","og_title":"Actualidad y recursos - INNOVASOCIAL - Fomento de la innovaci\u00f3n en Econom\u00eda Social en el medio rural de la Eurorregi\u00f3n AAA","og_url":"https:\/\/innovasocial.info\/pt\/actualidad-y-recursos\/","og_site_name":"INNOVASOCIAL - Fomento de la innovaci\u00f3n en Econom\u00eda Social en el medio rural de la Eurorregi\u00f3n AAA","article_modified_time":"2026-03-12T10:58:33+00:00","og_image":[{"width":2154,"height":1212,"url":"https:\/\/innovasocial.info\/wp-content\/uploads\/2025\/09\/innovasocial-portada.png","type":"image\/png"}],"twitter_card":"summary_large_image","schema":{"@context":"https:\/\/schema.org","@graph":[{"@type":"WebPage","@id":"https:\/\/innovasocial.info\/actualidad-y-recursos\/","url":"https:\/\/innovasocial.info\/actualidad-y-recursos\/","name":"Actualidad y recursos - INNOVASOCIAL - Fomento de la innovaci\u00f3n en Econom\u00eda Social en el medio rural de la Eurorregi\u00f3n AAA","isPartOf":{"@id":"https:\/\/innovasocial.info\/#website"},"datePublished":"2025-07-03T19:42:48+00:00","dateModified":"2026-03-12T10:58:33+00:00","breadcrumb":{"@id":"https:\/\/innovasocial.info\/actualidad-y-recursos\/#breadcrumb"},"inLanguage":"pt-PT","potentialAction":[{"@type":"ReadAction","target":["https:\/\/innovasocial.info\/actualidad-y-recursos\/"]}]},{"@type":"BreadcrumbList","@id":"https:\/\/innovasocial.info\/actualidad-y-recursos\/#breadcrumb","itemListElement":[{"@type":"ListItem","position":1,"name":"Portada","item":"https:\/\/innovasocial.info\/"},{"@type":"ListItem","position":2,"name":"Actualidad y recursos"}]},{"@type":"WebSite","@id":"https:\/\/innovasocial.info\/#website","url":"https:\/\/innovasocial.info\/","name":"INNOVASOCIAL","description":"Rumo a um desenvolvimento socioecon\u00f3mico justo, inclusivo e sustent\u00e1vel no Alentejo, Algarve e Andaluzia","publisher":{"@id":"https:\/\/innovasocial.info\/#organization"},"potentialAction":[{"@type":"SearchAction","target":{"@type":"EntryPoint","urlTemplate":"https:\/\/innovasocial.info\/?s={search_term_string}"},"query-input":{"@type":"PropertyValueSpecification","valueRequired":true,"valueName":"search_term_string"}}],"inLanguage":"pt-PT"},{"@type":"Organization","@id":"https:\/\/innovasocial.info\/#organization","name":"INNOVASOCIAL","url":"https:\/\/innovasocial.info\/","logo":{"@type":"ImageObject","inLanguage":"pt-PT","@id":"https:\/\/innovasocial.info\/#\/schema\/logo\/image\/","url":"https:\/\/innovasocial.info\/wp-content\/uploads\/2025\/07\/INNOVASOCIAL_LOGO_CONJUNTO_nomargin-scaled.png","contentUrl":"https:\/\/innovasocial.info\/wp-content\/uploads\/2025\/07\/INNOVASOCIAL_LOGO_CONJUNTO_nomargin-scaled.png","width":2560,"height":428,"caption":"INNOVASOCIAL"},"image":{"@id":"https:\/\/innovasocial.info\/#\/schema\/logo\/image\/"}}]}},"_links":{"self":[{"href":"https:\/\/innovasocial.info\/pt\/wp-json\/wp\/v2\/pages\/31","targetHints":{"allow":["GET"]}}],"collection":[{"href":"https:\/\/innovasocial.info\/pt\/wp-json\/wp\/v2\/pages"}],"about":[{"href":"https:\/\/innovasocial.info\/pt\/wp-json\/wp\/v2\/types\/page"}],"author":[{"embeddable":true,"href":"https:\/\/innovasocial.info\/pt\/wp-json\/wp\/v2\/users\/1"}],"replies":[{"embeddable":true,"href":"https:\/\/innovasocial.info\/pt\/wp-json\/wp\/v2\/comments?post=31"}],"version-history":[{"count":85,"href":"https:\/\/innovasocial.info\/pt\/wp-json\/wp\/v2\/pages\/31\/revisions"}],"predecessor-version":[{"id":808,"href":"https:\/\/innovasocial.info\/pt\/wp-json\/wp\/v2\/pages\/31\/revisions\/808"}],"wp:attachment":[{"href":"https:\/\/innovasocial.info\/pt\/wp-json\/wp\/v2\/media?parent=31"}],"curies":[{"name":"wp","href":"https:\/\/api.w.org\/{rel}","templated":true}]}}