{"id":29,"date":"2025-07-03T19:42:30","date_gmt":"2025-07-03T19:42:30","guid":{"rendered":"https:\/\/innovasocial.info\/?page_id=29"},"modified":"2025-11-03T18:13:12","modified_gmt":"2025-11-03T17:13:12","slug":"interreg-poctep","status":"publish","type":"page","link":"https:\/\/innovasocial.info\/pt\/interreg-poctep\/","title":{"rendered":"Interreg POCTEP"},"content":{"rendered":"<div class=\"wp-block-group alignfull has-global-padding is-layout-constrained wp-block-group-is-layout-constrained\" style=\"margin-top:0;margin-bottom:0;padding-top:var(--wp--preset--spacing--50);padding-bottom:var(--wp--preset--spacing--50)\">\n<div class=\"wp-block-group is-layout-grid wp-container-core-group-is-layout-1d09d3a7 wp-block-group-is-layout-grid\">\n<div class=\"wp-block-group has-background is-layout-grid wp-container-core-group-is-layout-ef3a9a99 wp-block-group-is-layout-grid\" style=\"border-radius:20px;background:linear-gradient(135deg,rgb(145,206,138) 0%,rgb(235,246,211) 47%);margin-top:0;margin-bottom:0;padding-top:0;padding-right:0;padding-bottom:0;padding-left:0\">\n<div class=\"wp-block-group is-vertical is-content-justification-center is-layout-flex wp-container-core-group-is-layout-fe8cad36 wp-block-group-is-layout-flex\" style=\"padding-top:var(--wp--preset--spacing--40);padding-right:var(--wp--preset--spacing--40);padding-bottom:var(--wp--preset--spacing--40);padding-left:var(--wp--preset--spacing--40)\">\n<h2 class=\"wp-block-heading has-text-align-center\" style=\"font-size:clamp(1.119rem, 1.119rem + ((1vw - 0.2rem) * 0.99), 1.75rem);\">Programa de financiamento<\/h2>\n\n\n\n<p>Cofinanciado pela Uni\u00e3o Europeia atrav\u00e9s do Programa Interreg VI Espanha\nPortugal (POCTEP) 2021-2027<\/p>\n<\/div>\n\n\n\n<figure class=\"wp-block-image size-large has-custom-border is-style-default\"><img loading=\"lazy\" decoding=\"async\" width=\"1024\" height=\"683\" src=\"https:\/\/innovasocial.info\/wp-content\/uploads\/2025\/09\/financiacion-europa-1024x683.jpg\" alt=\"\" class=\"wp-image-216\" style=\"border-top-left-radius:0px;border-top-right-radius:20px;border-bottom-left-radius:0px;border-bottom-right-radius:20px;aspect-ratio:1;object-fit:cover\" srcset=\"https:\/\/innovasocial.info\/wp-content\/uploads\/2025\/09\/financiacion-europa-1024x683.jpg 1024w, https:\/\/innovasocial.info\/wp-content\/uploads\/2025\/09\/financiacion-europa-300x200.jpg 300w, https:\/\/innovasocial.info\/wp-content\/uploads\/2025\/09\/financiacion-europa-768x512.jpg 768w, https:\/\/innovasocial.info\/wp-content\/uploads\/2025\/09\/financiacion-europa.jpg 1500w\" sizes=\"auto, (max-width: 1024px) 100vw, 1024px\" \/><\/figure>\n<\/div>\n\n\n\n<div class=\"wp-block-columns is-not-stacked-on-mobile has-accent-2-background-color has-background is-layout-flex wp-container-core-columns-is-layout-db27d905 wp-block-columns-is-layout-flex\" style=\"border-radius:20px;margin-top:0;margin-bottom:0;padding-top:0;padding-right:0;padding-bottom:0;padding-left:0\">\n<div class=\"wp-block-column is-vertically-aligned-center is-layout-flow wp-block-column-is-layout-flow\" style=\"padding-top:0;padding-right:0;padding-bottom:0;padding-left:0\">\n<div class=\"wp-block-group is-vertical is-content-justification-center is-layout-flex wp-container-core-group-is-layout-fe8cad36 wp-block-group-is-layout-flex\" style=\"padding-top:var(--wp--preset--spacing--40);padding-right:var(--wp--preset--spacing--40);padding-bottom:var(--wp--preset--spacing--40);padding-left:var(--wp--preset--spacing--40)\">\n<h2 class=\"wp-block-heading has-text-align-center\" style=\"font-size:clamp(1.119rem, 1.119rem + ((1vw - 0.2rem) * 0.99), 1.75rem);\">\u00c1rea de coopera\u00e7\u00e3o<\/h2>\n\n\n\n<h2 class=\"wp-block-heading has-text-align-center has-xx-large-font-size\">5<\/h2>\n\n\n\n<p>Alentejo \u2013 Algarve \u2013 Andaluzia<\/p>\n<\/div>\n<\/div>\n\n\n\n<div class=\"wp-block-column is-layout-flow wp-block-column-is-layout-flow\">\n<figure class=\"wp-block-image size-large has-custom-border\"><img loading=\"lazy\" decoding=\"async\" width=\"1024\" height=\"681\" src=\"https:\/\/innovasocial.info\/wp-content\/uploads\/2025\/09\/algarve-1024x681.jpg\" alt=\"\" class=\"wp-image-219\" style=\"border-top-right-radius:20px;border-bottom-right-radius:20px;aspect-ratio:1;object-fit:cover\" srcset=\"https:\/\/innovasocial.info\/wp-content\/uploads\/2025\/09\/algarve-1024x681.jpg 1024w, https:\/\/innovasocial.info\/wp-content\/uploads\/2025\/09\/algarve-300x199.jpg 300w, https:\/\/innovasocial.info\/wp-content\/uploads\/2025\/09\/algarve-768x510.jpg 768w, https:\/\/innovasocial.info\/wp-content\/uploads\/2025\/09\/algarve.jpg 1500w\" sizes=\"auto, (max-width: 1024px) 100vw, 1024px\" \/><\/figure>\n<\/div>\n<\/div>\n\n\n\n<div class=\"wp-block-columns is-not-stacked-on-mobile has-accent-2-background-color has-background is-layout-flex wp-container-core-columns-is-layout-db27d905 wp-block-columns-is-layout-flex\" style=\"border-radius:20px;margin-top:0;margin-bottom:0;padding-top:0;padding-right:0;padding-bottom:0;padding-left:0\">\n<div class=\"wp-block-column is-layout-flow wp-block-column-is-layout-flow\">\n<figure class=\"wp-block-image size-large has-custom-border\"><img loading=\"lazy\" decoding=\"async\" width=\"683\" height=\"1024\" src=\"https:\/\/innovasocial.info\/wp-content\/uploads\/2025\/09\/empleo-683x1024.jpg\" alt=\"\" class=\"wp-image-228\" style=\"border-top-left-radius:20px;border-top-right-radius:0px;border-bottom-left-radius:20px;border-bottom-right-radius:0px;aspect-ratio:1;object-fit:cover\" srcset=\"https:\/\/innovasocial.info\/wp-content\/uploads\/2025\/09\/empleo-683x1024.jpg 683w, https:\/\/innovasocial.info\/wp-content\/uploads\/2025\/09\/empleo-200x300.jpg 200w, https:\/\/innovasocial.info\/wp-content\/uploads\/2025\/09\/empleo-768x1152.jpg 768w, https:\/\/innovasocial.info\/wp-content\/uploads\/2025\/09\/empleo.jpg 1000w\" sizes=\"auto, (max-width: 683px) 100vw, 683px\" \/><\/figure>\n<\/div>\n\n\n\n<div class=\"wp-block-column is-vertically-aligned-center is-layout-flow wp-block-column-is-layout-flow\" style=\"padding-top:0;padding-right:0;padding-bottom:0;padding-left:0\">\n<div class=\"wp-block-group is-vertical is-content-justification-center is-layout-flex wp-container-core-group-is-layout-fe8cad36 wp-block-group-is-layout-flex\" style=\"padding-top:var(--wp--preset--spacing--40);padding-right:var(--wp--preset--spacing--40);padding-bottom:var(--wp--preset--spacing--40);padding-left:var(--wp--preset--spacing--40)\">\n<h2 class=\"wp-block-heading has-text-align-center\" style=\"font-size:clamp(1.119rem, 1.119rem + ((1vw - 0.2rem) * 0.99), 1.75rem);\">\u00c2mbito de interven\u00e7\u00e3o<\/h2>\n\n\n\n<h2 class=\"wp-block-heading has-text-align-center has-xx-large-font-size\">134<\/h2>\n\n\n\n<p>Medidas para melhorar o acesso ao emprego<\/p>\n<\/div>\n<\/div>\n<\/div>\n\n\n\n<div class=\"wp-block-group has-background is-vertical is-content-justification-left is-layout-flex wp-container-core-group-is-layout-3d234287 wp-block-group-is-layout-flex\" style=\"border-radius:20px;background:linear-gradient(135deg,rgb(235,246,211) 0%,rgb(145,206,138) 100%);padding-top:var(--wp--preset--spacing--40);padding-right:var(--wp--preset--spacing--40);padding-bottom:var(--wp--preset--spacing--40);padding-left:var(--wp--preset--spacing--40)\">\n<h2 class=\"wp-block-heading has-text-align-left\" style=\"font-size:clamp(1.119rem, 1.119rem + ((1vw - 0.2rem) * 0.99), 1.75rem);\">Prioridade POCTEP - P5<\/h2>\n\n\n\n<p>Refor\u00e7ar a coopera\u00e7\u00e3o para enfrentar o desafio demogr\u00e1fico na zona fronteiri\u00e7a, criando condi\u00e7\u00f5es de vida atrativas baseadas no acesso ao mercado de trabalho, aos servi\u00e7os p\u00fablicos essenciais, \u00e0 acessibilidade e aplicando princ\u00edpios de inclus\u00e3o social e igualdade de oportunidades e tratamento<\/p>\n<\/div>\n<\/div>\n<\/div>\n\n\n\n<div class=\"wp-block-group has-global-padding is-layout-constrained wp-block-group-is-layout-constrained\" style=\"margin-top:var(--wp--preset--spacing--50);margin-bottom:var(--wp--preset--spacing--50)\">\n<h2 class=\"wp-block-heading has-accent-4-color has-text-color has-link-color has-xx-large-font-size wp-elements-ecc738dc585deebd2a326bfa1ad0b27f\">Objetivo pol\u00edtico<\/h2>\n\n\n\n<div class=\"wp-block-group is-nowrap is-layout-flex wp-container-core-group-is-layout-f66f9956 wp-block-group-is-layout-flex\">\n<p class=\"has-x-large-font-size\"><span class=\"wp-rich-text-font-awesome-icon wp-font-awesome-icon\"><svg aria-hidden=\"true\" focusable=\"false\" data-prefix=\"fas\" data-icon=\"bookmark\" class=\"svg-inline--fa fa-bookmark\" role=\"img\" xmlns=\"http:\/\/www.w3.org\/2000\/svg\" viewbox=\"0 0 384 512\" color=\"#91ce8a\"><path fill=\"currentColor\" d=\"M0 48V487.7C0 501.1 10.9 512 24.3 512c5 0 9.9-1.5 14-4.4L192 400 345.7 507.6c4.1 2.9 9 4.4 14 4.4c13.4 0 24.3-10.9 24.3-24.3V48c0-26.5-21.5-48-48-48H48C21.5 0 0 21.5 0 48z\"><\/path><\/svg><\/span><\/p>\n\n\n\n<p class=\"has-x-large-font-size\">Uma Europa mais social e inclusiva, atrav\u00e9s da implementa\u00e7\u00e3o do Pilar Europeu dos Direitos Sociais<\/p>\n<\/div>\n\n\n\n<h2 class=\"wp-block-heading has-accent-4-color has-text-color has-link-color has-xx-large-font-size wp-elements-93010eae0b34e94c2609e40c8ff281bf\">Objetivo espec\u00edfico<\/h2>\n\n\n\n<div class=\"wp-block-group is-nowrap is-layout-flex wp-container-core-group-is-layout-f66f9956 wp-block-group-is-layout-flex\">\n<p class=\"has-x-large-font-size\"><span class=\"wp-rich-text-font-awesome-icon wp-font-awesome-icon\"><svg aria-hidden=\"true\" focusable=\"false\" data-prefix=\"fas\" data-icon=\"bookmark\" class=\"svg-inline--fa fa-bookmark\" role=\"img\" xmlns=\"http:\/\/www.w3.org\/2000\/svg\" viewbox=\"0 0 384 512\" color=\"#91ce8a\"><path fill=\"currentColor\" d=\"M0 48V487.7C0 501.1 10.9 512 24.3 512c5 0 9.9-1.5 14-4.4L192 400 345.7 507.6c4.1 2.9 9 4.4 14 4.4c13.4 0 24.3-10.9 24.3-24.3V48c0-26.5-21.5-48-48-48H48C21.5 0 0 21.5 0 48z\"><\/path><\/svg><\/span><\/p>\n\n\n\n<p class=\"has-x-large-font-size\"><strong>4.1.<\/strong> Melhorar a efic\u00e1cia e o car\u00e1ter inclusivo dos mercados de trabalho, bem como o acesso a um emprego de qualidade, atrav\u00e9s do desenvolvimento de infraestruturas sociais e da promo\u00e7\u00e3o da economia social<\/p>\n<\/div>\n<\/div>\n\n\n\n<div class=\"wp-block-group has-global-padding is-layout-constrained wp-block-group-is-layout-constrained\">\n<div class=\"wp-block-buttons is-content-justification-center is-layout-flex wp-container-core-buttons-is-layout-a89b3969 wp-block-buttons-is-layout-flex\">\n<div class=\"wp-block-button\"><a class=\"wp-block-button__link has-accent-2-color has-accent-3-background-color has-text-color has-background has-link-color wp-element-button\" href=\"https:\/\/www.poctep.eu\/pt\/\" target=\"_blank\" rel=\"noreferrer noopener\">Programa <span class=\"wp-rich-text-font-awesome-icon wp-font-awesome-icon\"><svg aria-hidden=\"true\" focusable=\"false\" data-prefix=\"fas\" data-icon=\"up-right-from-square\" class=\"svg-inline--fa fa-up-right-from-square\" role=\"img\" xmlns=\"http:\/\/www.w3.org\/2000\/svg\" viewbox=\"0 0 512 512\"><path fill=\"currentColor\" d=\"M352 0c-12.9 0-24.6 7.8-29.6 19.8s-2.2 25.7 6.9 34.9L370.7 96 201.4 265.4c-12.5 12.5-12.5 32.8 0 45.3s32.8 12.5 45.3 0L416 141.3l41.4 41.4c9.2 9.2 22.9 11.9 34.9 6.9s19.8-16.6 19.8-29.6l0-128c0-17.7-14.3-32-32-32L352 0zM80 32C35.8 32 0 67.8 0 112L0 432c0 44.2 35.8 80 80 80l320 0c44.2 0 80-35.8 80-80l0-112c0-17.7-14.3-32-32-32s-32 14.3-32 32l0 112c0 8.8-7.2 16-16 16L80 448c-8.8 0-16-7.2-16-16l0-320c0-8.8 7.2-16 16-16l112 0c17.7 0 32-14.3 32-32s-14.3-32-32-32L80 32z\"><\/path><\/svg><\/span><\/a><\/div>\n\n\n\n<div class=\"wp-block-button\"><a class=\"wp-block-button__link has-accent-2-color has-accent-3-background-color has-text-color has-background has-link-color wp-element-button\" href=\"https:\/\/innovasocial.info\/wp-content\/uploads\/2025\/09\/V9-Manual-de-identidad-visual-para-proyectos-POCTEP-2021-2027.pdf\" target=\"_blank\" rel=\"noreferrer noopener\">Manual de comunica\u00e7\u00e3o POCTEP <span class=\"wp-rich-text-font-awesome-icon wp-font-awesome-icon\"><svg aria-hidden=\"true\" focusable=\"false\" data-prefix=\"fas\" data-icon=\"up-right-from-square\" class=\"svg-inline--fa fa-up-right-from-square\" role=\"img\" xmlns=\"http:\/\/www.w3.org\/2000\/svg\" viewbox=\"0 0 512 512\"><path fill=\"currentColor\" d=\"M352 0c-12.9 0-24.6 7.8-29.6 19.8s-2.2 25.7 6.9 34.9L370.7 96 201.4 265.4c-12.5 12.5-12.5 32.8 0 45.3s32.8 12.5 45.3 0L416 141.3l41.4 41.4c9.2 9.2 22.9 11.9 34.9 6.9s19.8-16.6 19.8-29.6l0-128c0-17.7-14.3-32-32-32L352 0zM80 32C35.8 32 0 67.8 0 112L0 432c0 44.2 35.8 80 80 80l320 0c44.2 0 80-35.8 80-80l0-112c0-17.7-14.3-32-32-32s-32 14.3-32 32l0 112c0 8.8-7.2 16-16 16L80 448c-8.8 0-16-7.2-16-16l0-320c0-8.8 7.2-16 16-16l112 0c17.7 0 32-14.3 32-32s-14.3-32-32-32L80 32z\"><\/path><\/svg><\/span><\/a><\/div>\n<\/div>\n<\/div>","protected":false},"excerpt":{"rendered":"<p>Programa de financiaci\u00f3n Cofinanciado por la Uni\u00f3n Europea a trav\u00e9s del Programa Interreg VI A Espa\u00f1a Portugal (POCTEP) 2021-2027 \u00c1rea de cooperaci\u00f3n 5 Alentejo \u2013 Algarve \u2013 Andaluc\u00eda \u00c1mbito de intervenci\u00f3n 134 Medidas para mejorar el acceso al empleo Prioridad POCTEP &#8211; P5 Potenciar la cooperaci\u00f3n para afrontar el reto demogr\u00e1fico en el espacio fronterizo, [&hellip;]<\/p>\n","protected":false},"author":1,"featured_media":0,"parent":0,"menu_order":0,"comment_status":"closed","ping_status":"closed","template":"","meta":{"footnotes":""},"class_list":["post-29","page","type-page","status-publish","hentry"],"yoast_head":"<!-- This site is optimized with the Yoast SEO plugin v27.5 - https:\/\/yoast.com\/product\/yoast-seo-wordpress\/ -->\n<title>Interreg POCTEP - INNOVASOCIAL - Fomento de la innovaci\u00f3n en Econom\u00eda Social en el medio rural de la Eurorregi\u00f3n AAA<\/title>\n<meta name=\"robots\" content=\"index, follow, max-snippet:-1, max-image-preview:large, max-video-preview:-1\" \/>\n<link rel=\"canonical\" href=\"https:\/\/innovasocial.info\/pt\/interreg-poctep\/\" \/>\n<meta property=\"og:locale\" content=\"pt_PT\" \/>\n<meta property=\"og:type\" content=\"article\" \/>\n<meta property=\"og:title\" content=\"Interreg POCTEP - INNOVASOCIAL - Fomento de la innovaci\u00f3n en Econom\u00eda Social en el medio rural de la Eurorregi\u00f3n AAA\" \/>\n<meta property=\"og:description\" content=\"Programa de financiaci\u00f3n Cofinanciado por la Uni\u00f3n Europea a trav\u00e9s del Programa Interreg VI A Espa\u00f1a Portugal (POCTEP) 2021-2027 \u00c1rea de cooperaci\u00f3n 5 Alentejo \u2013 Algarve \u2013 Andaluc\u00eda \u00c1mbito de intervenci\u00f3n 134 Medidas para mejorar el acceso al empleo Prioridad POCTEP &#8211; P5 Potenciar la cooperaci\u00f3n para afrontar el reto demogr\u00e1fico en el espacio fronterizo, [&hellip;]\" \/>\n<meta property=\"og:url\" content=\"https:\/\/innovasocial.info\/pt\/interreg-poctep\/\" \/>\n<meta property=\"og:site_name\" content=\"INNOVASOCIAL - Fomento de la innovaci\u00f3n en Econom\u00eda Social en el medio rural de la Eurorregi\u00f3n AAA\" \/>\n<meta property=\"article:modified_time\" content=\"2025-11-03T17:13:12+00:00\" \/>\n<meta property=\"og:image\" content=\"https:\/\/innovasocial.info\/wp-content\/uploads\/2025\/09\/financiacion-europa.jpg\" \/>\n\t<meta property=\"og:image:width\" content=\"1500\" \/>\n\t<meta property=\"og:image:height\" content=\"1000\" \/>\n\t<meta property=\"og:image:type\" content=\"image\/jpeg\" \/>\n<meta name=\"twitter:card\" content=\"summary_large_image\" \/>\n<script type=\"application\/ld+json\" class=\"yoast-schema-graph\">{\"@context\":\"https:\\\/\\\/schema.org\",\"@graph\":[{\"@type\":\"WebPage\",\"@id\":\"https:\\\/\\\/innovasocial.info\\\/interreg-poctep\\\/\",\"url\":\"https:\\\/\\\/innovasocial.info\\\/interreg-poctep\\\/\",\"name\":\"Interreg POCTEP - INNOVASOCIAL - Fomento de la innovaci\u00f3n en Econom\u00eda Social en el medio rural de la Eurorregi\u00f3n AAA\",\"isPartOf\":{\"@id\":\"https:\\\/\\\/innovasocial.info\\\/#website\"},\"primaryImageOfPage\":{\"@id\":\"https:\\\/\\\/innovasocial.info\\\/interreg-poctep\\\/#primaryimage\"},\"image\":{\"@id\":\"https:\\\/\\\/innovasocial.info\\\/interreg-poctep\\\/#primaryimage\"},\"thumbnailUrl\":\"https:\\\/\\\/innovasocial.info\\\/wp-content\\\/uploads\\\/2025\\\/09\\\/financiacion-europa-1024x683.jpg\",\"datePublished\":\"2025-07-03T19:42:30+00:00\",\"dateModified\":\"2025-11-03T17:13:12+00:00\",\"breadcrumb\":{\"@id\":\"https:\\\/\\\/innovasocial.info\\\/interreg-poctep\\\/#breadcrumb\"},\"inLanguage\":\"pt-PT\",\"potentialAction\":[{\"@type\":\"ReadAction\",\"target\":[\"https:\\\/\\\/innovasocial.info\\\/interreg-poctep\\\/\"]}]},{\"@type\":\"ImageObject\",\"inLanguage\":\"pt-PT\",\"@id\":\"https:\\\/\\\/innovasocial.info\\\/interreg-poctep\\\/#primaryimage\",\"url\":\"https:\\\/\\\/innovasocial.info\\\/wp-content\\\/uploads\\\/2025\\\/09\\\/financiacion-europa-1024x683.jpg\",\"contentUrl\":\"https:\\\/\\\/innovasocial.info\\\/wp-content\\\/uploads\\\/2025\\\/09\\\/financiacion-europa-1024x683.jpg\"},{\"@type\":\"BreadcrumbList\",\"@id\":\"https:\\\/\\\/innovasocial.info\\\/interreg-poctep\\\/#breadcrumb\",\"itemListElement\":[{\"@type\":\"ListItem\",\"position\":1,\"name\":\"Portada\",\"item\":\"https:\\\/\\\/innovasocial.info\\\/\"},{\"@type\":\"ListItem\",\"position\":2,\"name\":\"Interreg POCTEP\"}]},{\"@type\":\"WebSite\",\"@id\":\"https:\\\/\\\/innovasocial.info\\\/#website\",\"url\":\"https:\\\/\\\/innovasocial.info\\\/\",\"name\":\"INNOVASOCIAL\",\"description\":\"Hacia un desarrollo socioecon\u00f3mico justo, inclusivo y sostenible en Alentejo, Algarve y Andaluc\u00eda\",\"publisher\":{\"@id\":\"https:\\\/\\\/innovasocial.info\\\/#organization\"},\"potentialAction\":[{\"@type\":\"SearchAction\",\"target\":{\"@type\":\"EntryPoint\",\"urlTemplate\":\"https:\\\/\\\/innovasocial.info\\\/?s={search_term_string}\"},\"query-input\":{\"@type\":\"PropertyValueSpecification\",\"valueRequired\":true,\"valueName\":\"search_term_string\"}}],\"inLanguage\":\"pt-PT\"},{\"@type\":\"Organization\",\"@id\":\"https:\\\/\\\/innovasocial.info\\\/#organization\",\"name\":\"INNOVASOCIAL\",\"url\":\"https:\\\/\\\/innovasocial.info\\\/\",\"logo\":{\"@type\":\"ImageObject\",\"inLanguage\":\"pt-PT\",\"@id\":\"https:\\\/\\\/innovasocial.info\\\/#\\\/schema\\\/logo\\\/image\\\/\",\"url\":\"https:\\\/\\\/innovasocial.info\\\/wp-content\\\/uploads\\\/2025\\\/07\\\/INNOVASOCIAL_LOGO_CONJUNTO_nomargin-scaled.png\",\"contentUrl\":\"https:\\\/\\\/innovasocial.info\\\/wp-content\\\/uploads\\\/2025\\\/07\\\/INNOVASOCIAL_LOGO_CONJUNTO_nomargin-scaled.png\",\"width\":2560,\"height\":428,\"caption\":\"INNOVASOCIAL\"},\"image\":{\"@id\":\"https:\\\/\\\/innovasocial.info\\\/#\\\/schema\\\/logo\\\/image\\\/\"}}]}<\/script>\n<!-- \/ Yoast SEO plugin. -->","yoast_head_json":{"title":"Interreg POCTEP - INNOVASOCIAL - Fomento de la innovaci\u00f3n en Econom\u00eda Social en el medio rural de la Eurorregi\u00f3n AAA","robots":{"index":"index","follow":"follow","max-snippet":"max-snippet:-1","max-image-preview":"max-image-preview:large","max-video-preview":"max-video-preview:-1"},"canonical":"https:\/\/innovasocial.info\/pt\/interreg-poctep\/","og_locale":"pt_PT","og_type":"article","og_title":"Interreg POCTEP - INNOVASOCIAL - Fomento de la innovaci\u00f3n en Econom\u00eda Social en el medio rural de la Eurorregi\u00f3n AAA","og_description":"Programa de financiaci\u00f3n Cofinanciado por la Uni\u00f3n Europea a trav\u00e9s del Programa Interreg VI A Espa\u00f1a Portugal (POCTEP) 2021-2027 \u00c1rea de cooperaci\u00f3n 5 Alentejo \u2013 Algarve \u2013 Andaluc\u00eda \u00c1mbito de intervenci\u00f3n 134 Medidas para mejorar el acceso al empleo Prioridad POCTEP &#8211; P5 Potenciar la cooperaci\u00f3n para afrontar el reto demogr\u00e1fico en el espacio fronterizo, [&hellip;]","og_url":"https:\/\/innovasocial.info\/pt\/interreg-poctep\/","og_site_name":"INNOVASOCIAL - Fomento de la innovaci\u00f3n en Econom\u00eda Social en el medio rural de la Eurorregi\u00f3n AAA","article_modified_time":"2025-11-03T17:13:12+00:00","og_image":[{"width":1500,"height":1000,"url":"https:\/\/innovasocial.info\/wp-content\/uploads\/2025\/09\/financiacion-europa.jpg","type":"image\/jpeg"}],"twitter_card":"summary_large_image","schema":{"@context":"https:\/\/schema.org","@graph":[{"@type":"WebPage","@id":"https:\/\/innovasocial.info\/interreg-poctep\/","url":"https:\/\/innovasocial.info\/interreg-poctep\/","name":"Interreg POCTEP - INNOVASOCIAL - Fomento de la innovaci\u00f3n en Econom\u00eda Social en el medio rural de la Eurorregi\u00f3n AAA","isPartOf":{"@id":"https:\/\/innovasocial.info\/#website"},"primaryImageOfPage":{"@id":"https:\/\/innovasocial.info\/interreg-poctep\/#primaryimage"},"image":{"@id":"https:\/\/innovasocial.info\/interreg-poctep\/#primaryimage"},"thumbnailUrl":"https:\/\/innovasocial.info\/wp-content\/uploads\/2025\/09\/financiacion-europa-1024x683.jpg","datePublished":"2025-07-03T19:42:30+00:00","dateModified":"2025-11-03T17:13:12+00:00","breadcrumb":{"@id":"https:\/\/innovasocial.info\/interreg-poctep\/#breadcrumb"},"inLanguage":"pt-PT","potentialAction":[{"@type":"ReadAction","target":["https:\/\/innovasocial.info\/interreg-poctep\/"]}]},{"@type":"ImageObject","inLanguage":"pt-PT","@id":"https:\/\/innovasocial.info\/interreg-poctep\/#primaryimage","url":"https:\/\/innovasocial.info\/wp-content\/uploads\/2025\/09\/financiacion-europa-1024x683.jpg","contentUrl":"https:\/\/innovasocial.info\/wp-content\/uploads\/2025\/09\/financiacion-europa-1024x683.jpg"},{"@type":"BreadcrumbList","@id":"https:\/\/innovasocial.info\/interreg-poctep\/#breadcrumb","itemListElement":[{"@type":"ListItem","position":1,"name":"Portada","item":"https:\/\/innovasocial.info\/"},{"@type":"ListItem","position":2,"name":"Interreg POCTEP"}]},{"@type":"WebSite","@id":"https:\/\/innovasocial.info\/#website","url":"https:\/\/innovasocial.info\/","name":"INNOVASOCIAL","description":"Rumo a um desenvolvimento socioecon\u00f3mico justo, inclusivo e sustent\u00e1vel no Alentejo, Algarve e Andaluzia","publisher":{"@id":"https:\/\/innovasocial.info\/#organization"},"potentialAction":[{"@type":"SearchAction","target":{"@type":"EntryPoint","urlTemplate":"https:\/\/innovasocial.info\/?s={search_term_string}"},"query-input":{"@type":"PropertyValueSpecification","valueRequired":true,"valueName":"search_term_string"}}],"inLanguage":"pt-PT"},{"@type":"Organization","@id":"https:\/\/innovasocial.info\/#organization","name":"INNOVASOCIAL","url":"https:\/\/innovasocial.info\/","logo":{"@type":"ImageObject","inLanguage":"pt-PT","@id":"https:\/\/innovasocial.info\/#\/schema\/logo\/image\/","url":"https:\/\/innovasocial.info\/wp-content\/uploads\/2025\/07\/INNOVASOCIAL_LOGO_CONJUNTO_nomargin-scaled.png","contentUrl":"https:\/\/innovasocial.info\/wp-content\/uploads\/2025\/07\/INNOVASOCIAL_LOGO_CONJUNTO_nomargin-scaled.png","width":2560,"height":428,"caption":"INNOVASOCIAL"},"image":{"@id":"https:\/\/innovasocial.info\/#\/schema\/logo\/image\/"}}]}},"_links":{"self":[{"href":"https:\/\/innovasocial.info\/pt\/wp-json\/wp\/v2\/pages\/29","targetHints":{"allow":["GET"]}}],"collection":[{"href":"https:\/\/innovasocial.info\/pt\/wp-json\/wp\/v2\/pages"}],"about":[{"href":"https:\/\/innovasocial.info\/pt\/wp-json\/wp\/v2\/types\/page"}],"author":[{"embeddable":true,"href":"https:\/\/innovasocial.info\/pt\/wp-json\/wp\/v2\/users\/1"}],"replies":[{"embeddable":true,"href":"https:\/\/innovasocial.info\/pt\/wp-json\/wp\/v2\/comments?post=29"}],"version-history":[{"count":60,"href":"https:\/\/innovasocial.info\/pt\/wp-json\/wp\/v2\/pages\/29\/revisions"}],"predecessor-version":[{"id":628,"href":"https:\/\/innovasocial.info\/pt\/wp-json\/wp\/v2\/pages\/29\/revisions\/628"}],"wp:attachment":[{"href":"https:\/\/innovasocial.info\/pt\/wp-json\/wp\/v2\/media?parent=29"}],"curies":[{"name":"wp","href":"https:\/\/api.w.org\/{rel}","templated":true}]}}